{"id":53493,"date":"2025-06-17T09:30:56","date_gmt":"2025-06-17T09:30:56","guid":{"rendered":"https:\/\/www.sita.in\/NewSita?page_id=53493"},"modified":"2025-12-01T13:25:06","modified_gmt":"2025-12-01T13:25:06","slug":"a-sustentabilidade-e-nos","status":"publish","type":"page","link":"https:\/\/www.sita.in\/pt-pt\/a-sustentabilidade-e-nos\/","title":{"rendered":"A sustentabilidade e n\u00f3s"},"content":{"rendered":"<div class=\"wpb-content-wrapper\"><p>[vc_row full_width=&#8221;stretch_row&#8221; overlay_background=&#8221;custom&#8221; overlay_custom_background=&#8221;#031914&#8243; overlay_opacity=&#8221;25&#8243; lg_spacing=&#8221;padding_top:193;padding_bottom:209&#8243; background_image=&#8221;4737&#8243; background_position=&#8221;top center&#8221;][vc_column][vc_column_text css=&#8221;&#8221;]<\/p>\n<h1 class=\"page-head\">A sustentabilidade e n\u00f3s<\/h1>\n<p>[\/vc_column_text][tm_spacer size=&#8221;lg:20&#8243;][vc_column_text css=&#8221;&#8221;]<\/p>\n<div class=\"page-subhead\">Uma viagem em dire\u00e7\u00e3o \u00e0 mudan\u00e7a<\/div>\n<p>[\/vc_column_text][\/vc_column][\/vc_row][vc_row full_width=&#8221;stretch_row&#8221; background_repeat=&#8221;repeat-y&#8221; overlay_background=&#8221;custom&#8221; overlay_custom_background=&#8221;#ffffff&#8221; overlay_opacity=&#8221;20&#8243; lg_spacing=&#8221;padding_top:80;padding_right:300;padding_bottom:80;padding_left:300&#8243; el_id=&#8221;sec\u00e7\u00e3o-sobre&#8221; background_image=&#8221;4739&#8243; md_spacing=&#8221;padding_right:0;padding_left:0&#8243; sm_spacing=&#8221;padding_right:0;padding_left:0&#8243; xs_spacing=&#8221;padding_right:0;padding_left:0&#8243; background_position=&#8221;center center&#8221;][vc_column][tm_spacer size=&#8221;lg:70&#8243;][tm_image align=&#8221;center&#8221; image=&#8221;3067&#8243;][tm_spacer size=&#8221;lg:28&#8243;][vc_column_text css=&#8221;&#8221;]<\/p>\n<h3 class=\"page-intro\">Proporcionamos experi\u00eancias de viagem que s\u00e3o enriquecedoras e socialmente, ambientalmente e economicamente respons\u00e1veis. A transpar\u00eancia e a colabora\u00e7\u00e3o moldam todas as rela\u00e7\u00f5es &#8211; com clientes, equipas internas e parceiros de destino. A responsabilidade social corporativa \u00e9 parte integrante da nossa filosofia, incorporada em todas as nossas opera\u00e7\u00f5es.  <\/h3>\n<p>[\/vc_column_text][tm_spacer size=&#8221;lg:40&#8243;][vc_separator style=&#8221;dashed&#8221;][tm_spacer size=&#8221;lg:40&#8243;][vc_column_text css=&#8221;&#8221;]<\/p>\n<p style=\"text-align: center;\">Ao estabelecermos parcerias com organiza\u00e7\u00f5es que pensam da mesma forma, fomos pioneiros em pr\u00e1ticas de sustentabilidade no sector, introduzindo a primeira estrutura de sustentabilidade mensur\u00e1vel. Esta lideran\u00e7a permite que os nossos parceiros comerciais se alinhem com confian\u00e7a com os padr\u00f5es \u00e9ticos de viagem e satisfa\u00e7am as crescentes exig\u00eancias do mercado para um turismo respons\u00e1vel. <\/p>\n<p>[\/vc_column_text][tm_spacer size=&#8221;lg:100&#8243;][\/vc_column][\/vc_row][vc_row full_width=&#8221;stretch_row&#8221; lg_spacing=&#8221;padding_bottom:100&#8243;][vc_column width=&#8221;1\/2&#8243;][tm_spacer size=&#8221;lg:47&#8243;][tm_image image=&#8221;3067&#8243;][tm_spacer size=&#8221;lg:5&#8243;][vc_column_text css=&#8221;&#8221;]<\/p>\n<h2 class=\"main-head\">Somos<br \/>\n<span class=\"highlight-head\">Travelife Certified<\/span><\/h2>\n<p>[\/vc_column_text][tm_spacer size=&#8221;lg:25&#8243;][vc_separator color=&#8221;turquoise&#8221; align=&#8221;align_left&#8221; el_width=&#8221;20&#8243; css=&#8221;&#8221;][tm_spacer size=&#8221;lg:30&#8243;][vc_column_text css=&#8221;&#8221;]A Sita recebeu o pr\u00e9mio Travelife Certified Award. O pr\u00e9mio \u00e9 um reconhecimento dos esfor\u00e7os a longo prazo e da posi\u00e7\u00e3o de lideran\u00e7a da Travel Corporation India Ltd no que diz respeito \u00e0 sustentabilidade e \u00e0 responsabilidade social das empresas.[\/vc_column_text][tm_spacer size=&#8221;lg:47&#8243;][vc_column_text css=&#8221;&#8221;]\t<a class=\"paoc-popup-click paoc-popup-cust-4760 paoc-popup-button paoc-popup-btn \" href=\"javascript:void(0);\">Read More<\/a>\r\n[\/vc_column_text][tm_spacer size=&#8221;lg:60&#8243;][\/vc_column][vc_column width=&#8221;1\/2&#8243;][vc_row_inner][vc_column_inner][tm_image image=&#8221;4764&#8243;][\/vc_column_inner][\/vc_row_inner][\/vc_column][\/vc_row][vc_row full_width=&#8221;stretch_row&#8221; content_placement=&#8221;middle&#8221; lg_spacing=&#8221;padding_top:100;padding_bottom:150&#8243;][vc_column offset=&#8221;vc_col-md-6&#8243;][tm_image full_wide=&#8221;1&#8243; caption_position=&#8221;right&#8221; caption_color=&#8221;primary&#8221; image=&#8221;4743&#8243;][\/vc_column][vc_column offset=&#8221;vc_col-md-offset-1 vc_col-md-5&#8243;][vc_row_inner][vc_column_inner][tm_image image=&#8221;3067&#8243;][tm_spacer size=&#8221;lg:5&#8243;][vc_column_text css=&#8221;&#8221;]<\/p>\n<h2 class=\"main-head\"><span class=\"highlight-head\">Objectivos de Desenvolvimento<\/span> Sustent\u00e1vel da ONU<br \/>\n<\/h2>\n<p>[\/vc_column_text][tm_spacer size=&#8221;lg:25&#8243;][vc_separator color=&#8221;turquoise&#8221; align=&#8221;align_left&#8221; el_width=&#8221;20&#8243; css=&#8221;&#8221;][tm_spacer size=&#8221;lg:30&#8243;][vc_column_text css=&#8221;&#8221;]Os Objectivos de Desenvolvimento Sustent\u00e1vel das Na\u00e7\u00f5es Unidas proporcionam um quadro de a\u00e7\u00e3o colectiva para abordar quest\u00f5es globais como a pobreza, a igualdade de g\u00e9nero e as altera\u00e7\u00f5es clim\u00e1ticas.<\/p>\n<p>A Pol\u00edtica de Turismo Sustent\u00e1vel da Sita centra-se em 6 destes 17 objectivos.[\/vc_column_text][tm_spacer size=&#8221;lg:30&#8243;][vc_btn title=&#8221;Ver pol\u00edtica&#8221; color=&#8221;info&#8221; css=&#8221;&#8221; link=&#8221;url:https%3A%2F%2Fwww.sita.in%2Fold%2Fwp-content%2Fuploads%2F2024%2F10%2FSita-Sustainable-Tourism-Policy.pdf|target:_blank|&#8221;][tm_spacer size=&#8221;lg:30&#8243;][\/vc_column_inner][\/vc_row_inner][\/vc_column][\/vc_row][vc_row full_width=&#8221;stretch_row_content&#8221; content_placement=&#8221;middle&#8221; lg_spacing=&#8221;padding_bottom:150&#8243;][vc_column width=&#8221;1\/3&#8243; offset=&#8221;vc_col-md-1&#8243;][\/vc_column][vc_column width=&#8221;1\/3&#8243; offset=&#8221;vc_col-md-6&#8243;][vc_row_inner sm_content_alignment=&#8221;center&#8221;][vc_column_inner][tm_image image=&#8221;3067&#8243;][tm_spacer size=&#8221;lg:5&#8243;][vc_column_text css=&#8221;&#8221;]<\/p>\n<h2 class=\"main-head\">A Sita orgulha-se de ser signat\u00e1ria da Declara\u00e7\u00e3o de Glasgow sobre a A\u00e7\u00e3o Clim\u00e1tica no Turismo<\/h2>\n<p>[\/vc_column_text][tm_spacer size=&#8221;lg:25&#8243;][vc_separator color=&#8221;turquoise&#8221; align=&#8221;align_left&#8221; el_width=&#8221;20&#8243; css=&#8221;&#8221;][tm_spacer size=&#8221;lg:30&#8243;][vc_column_text css=&#8221;&#8221;]A Sita tornou-se signat\u00e1ria da Declara\u00e7\u00e3o de Glasgow, comprometendo-se a apresentar planos alinhados com as vias para reduzir as emiss\u00f5es do turismo para metade na pr\u00f3xima d\u00e9cada e atingir emiss\u00f5es l\u00edquidas nulas o mais rapidamente poss\u00edvel antes de 2050.<\/p>\n<p>A Declara\u00e7\u00e3o de Glasgow sobre a A\u00e7\u00e3o Clim\u00e1tica no Turismo une as viagens e o turismo em torno de um conjunto comum de caminhos para a a\u00e7\u00e3o clim\u00e1tica, alinhando o sector com os compromissos globais e catalisando solu\u00e7\u00f5es de colabora\u00e7\u00e3o para os muitos desafios que as empresas e os destinos enfrentam a n\u00edvel mundial. A Declara\u00e7\u00e3o de Glasgow incentiva a acelera\u00e7\u00e3o da a\u00e7\u00e3o clim\u00e1tica no turismo, assegurando compromissos para reduzir as emiss\u00f5es no turismo em, pelo menos, 50% durante a pr\u00f3xima d\u00e9cada e atingir o Net Zero o mais rapidamente poss\u00edvel antes de 2050.[\/vc_column_text][tm_spacer size=&#8221;lg:30&#8243;][\/vc_column_inner][\/vc_row_inner][\/vc_column][vc_column width=&#8221;1\/3&#8243; offset=&#8221;vc_col-md-5&#8243; order=&#8221;xs:1;sm:1&#8243;][tm_image align=&#8221;right&#8221; sm_align=&#8221;center&#8221; image=&#8221;4779&#8243; lg_spacing=&#8221;margin_left:70&#8243; md_spacing=&#8221;margin_left:50&#8243; sm_spacing=&#8221;margin_left:0&#8243;][tm_spacer size=&#8221;lg:30&#8243;][\/vc_column][\/vc_row][vc_row full_width=&#8221;stretch_row_content&#8221; content_placement=&#8221;middle&#8221; lg_spacing=&#8221;padding_bottom:150&#8243;][vc_column width=&#8221;1\/3&#8243; content_alignment=&#8221;right&#8221; offset=&#8221;vc_col-md-5&#8243; order=&#8221;xs:1;sm:1&#8243;][tm_image align=&#8221;right&#8221; sm_align=&#8221;center&#8221; image=&#8221;4781&#8243; lg_spacing=&#8221;margin_right:50;margin_left:20&#8243; md_spacing=&#8221;margin_left:50&#8243; sm_spacing=&#8221;margin_left:0&#8243;][tm_spacer size=&#8221;lg:30&#8243;][\/vc_column][vc_column width=&#8221;1\/3&#8243; offset=&#8221;vc_col-md-6&#8243;][vc_row_inner sm_content_alignment=&#8221;center&#8221;][vc_column_inner][tm_image image=&#8221;3067&#8243;][tm_spacer size=&#8221;lg:5&#8243;][vc_column_text css=&#8221;&#8221;]<\/p>\n<h2 class=\"main-head\">Princ\u00edpios de Empoderamento das Mulheres &#8211; <span class=\"highlight-head\">Uma iniciativa da ONU<\/span><\/h2>\n<p>[\/vc_column_text][tm_spacer size=&#8221;lg:25&#8243;][vc_separator color=&#8221;turquoise&#8221; align=&#8221;align_left&#8221; el_width=&#8221;20&#8243; css=&#8221;&#8221;][tm_spacer size=&#8221;lg:30&#8243;][vc_column_text css=&#8221;&#8221;]A empresa \u00e9 signat\u00e1ria dos &#8220;Princ\u00edpios de Empoderamento das Mulheres&#8221; &#8211; uma iniciativa da ONU Mulheres. Os Princ\u00edpios de Empoderamento das Mulheres (WEPs) s\u00e3o um ve\u00edculo primordial para a concretiza\u00e7\u00e3o empresarial das dimens\u00f5es de igualdade de g\u00e9nero da agenda 2030 e dos Objectivos de Desenvolvimento Sustent\u00e1vel das Na\u00e7\u00f5es Unidas. <\/p>\n<p>Como extens\u00e3o da sua responsabilidade corporativa, a empresa subscreveu os &#8220;Princ\u00edpios de Empoderamento das Mulheres&#8221; &#8211; uma iniciativa da ONU Mulheres para apoiar a igualdade de g\u00e9nero no local de trabalho, no mercado e na comunidade. O empoderamento das mulheres continua a ser uma das nossas principais iniciativas de responsabilidade empresarial. <\/p>\n<p>Os Princ\u00edpios de Empoderamento das Mulheres (WEPs) s\u00e3o um conjunto de princ\u00edpios que oferecem orienta\u00e7\u00e3o \u00e0s empresas sobre como promover a igualdade de g\u00e9nero e o empoderamento das mulheres no local de trabalho, no mercado e na comunidade. Estabelecidos pela UN Global Compact e pela UN Women, os WEPs baseiam-se em normas internacionais de trabalho e de direitos humanos e assentam no reconhecimento de que as empresas t\u00eam um interesse e uma responsabilidade na igualdade de g\u00e9nero e no empoderamento das mulheres.[\/vc_column_text][tm_spacer size=&#8221;lg:30&#8243;][\/vc_column_inner][\/vc_row_inner][\/vc_column][vc_column width=&#8221;1\/3&#8243; offset=&#8221;vc_col-md-1&#8243;][\/vc_column][\/vc_row][vc_row full_width=&#8221;stretch_row_content&#8221; content_placement=&#8221;middle&#8221; lg_spacing=&#8221;padding_bottom:150&#8243;][vc_column width=&#8221;1\/3&#8243; offset=&#8221;vc_col-md-1&#8243;][\/vc_column][vc_column width=&#8221;1\/3&#8243; offset=&#8221;vc_col-md-6&#8243;][vc_row_inner sm_content_alignment=&#8221;center&#8221;][vc_column_inner][tm_image image=&#8221;3067&#8243;][tm_spacer size=&#8221;lg:5&#8243;][vc_column_text css=&#8221;&#8221;]<\/p>\n<h2 class=\"main-head\">Garrafa para a <span class=\"highlight-head\">mudan\u00e7a<\/span><\/h2>\n<p>[\/vc_column_text][tm_spacer size=&#8221;lg:25&#8243;][vc_separator color=&#8221;turquoise&#8221; align=&#8221;align_left&#8221; el_width=&#8221;20&#8243; css=&#8221;&#8221;][tm_spacer size=&#8221;lg:30&#8243;][vc_column_text css=&#8221;&#8221;]Somos tamb\u00e9m signat\u00e1rios da Global Tourism Plastics Initiative, que une o sector do turismo em torno de uma vis\u00e3o comum para combater as causas profundas da polui\u00e7\u00e3o por pl\u00e1sticos. Permite que as empresas, os governos e outras partes interessadas do turismo d\u00eaem o exemplo na mudan\u00e7a para uma economia circular dos pl\u00e1sticos.[\/vc_column_text][tm_spacer size=&#8221;lg:30&#8243;][\/vc_column_inner][\/vc_row_inner][\/vc_column][vc_column width=&#8221;1\/3&#8243; offset=&#8221;vc_col-md-5&#8243; order=&#8221;xs:1;sm:1&#8243;][tm_image align=&#8221;right&#8221; sm_align=&#8221;center&#8221; image=&#8221;45716&#8243; lg_spacing=&#8221;margin_left:70&#8243; md_spacing=&#8221;margin_left:50&#8243; sm_spacing=&#8221;margin_left:0&#8243;][tm_spacer size=&#8221;lg:30&#8243;][\/vc_column][\/vc_row][vc_row full_width=&#8221;stretch_row_content&#8221; content_placement=&#8221;middle&#8221; lg_spacing=&#8221;padding_bottom:150&#8243;][vc_column width=&#8221;1\/3&#8243; offset=&#8221;vc_col-md-5&#8243; order=&#8221;xs:1;sm:1&#8243;][tm_image align=&#8221;right&#8221; sm_align=&#8221;center&#8221; image=&#8221;4766&#8243; lg_spacing=&#8221;margin_left:70&#8243; md_spacing=&#8221;margin_left:50&#8243; sm_spacing=&#8221;margin_left:0&#8243;][tm_spacer size=&#8221;lg:30&#8243;][\/vc_column][vc_column width=&#8221;1\/3&#8243; offset=&#8221;vc_col-md-6&#8243;][vc_row_inner sm_content_alignment=&#8221;center&#8221;][vc_column_inner][tm_image image=&#8221;3067&#8243;][tm_spacer size=&#8221;lg:5&#8243;][vc_column_text css=&#8221;&#8221;]<\/p>\n<h2 class=\"main-head\">Sita subscreve o<span class=\"highlight-head\">compromisso<\/span><br \/>\n<span class=\"highlight-head\">Travel For Life<\/span><\/h2>\n<p>[\/vc_column_text][tm_spacer size=&#8221;lg:25&#8243;][vc_separator color=&#8221;turquoise&#8221; align=&#8221;align_left&#8221; el_width=&#8221;20&#8243; css=&#8221;&#8221;][tm_spacer size=&#8221;lg:30&#8243;][vc_column_text css=&#8221;&#8221;]Com o objetivo de refor\u00e7ar ainda mais o nosso compromisso de garantir um melhor produto de viagem, uma ind\u00fastria tur\u00edstica mais justa e um mundo mais sustent\u00e1vel, a empresa assinou o Travel For Life Pledge, uma iniciativa do Minist\u00e9rio do Turismo.<\/p>\n<p>Enquanto empresa de viagens com vis\u00e3o de futuro, os nossos colaboradores, clientes e parceiros esperam que a Sita seja uma empresa de gest\u00e3o de destinos sustent\u00e1vel e respons\u00e1vel. Queremos assumir e suportar essas responsabilidades, dentro do nosso \u00e2mbito de influ\u00eancia e com os meios e recursos dispon\u00edveis. Ao assinar o compromisso, estamos a refor\u00e7ar ainda mais o nosso empenho na sustentabilidade.[\/vc_column_text][tm_spacer size=&#8221;lg:30&#8243;][\/vc_column_inner][\/vc_row_inner][\/vc_column][vc_column width=&#8221;1\/3&#8243; offset=&#8221;vc_col-md-1&#8243;][\/vc_column][\/vc_row][vc_row full_width=&#8221;stretch_row_content&#8221; content_placement=&#8221;middle&#8221; lg_spacing=&#8221;padding_bottom:150&#8243;][vc_column width=&#8221;1\/3&#8243; offset=&#8221;vc_col-md-1&#8243;][\/vc_column][vc_column width=&#8221;1\/3&#8243; offset=&#8221;vc_col-md-6&#8243;][vc_row_inner sm_content_alignment=&#8221;center&#8221;][vc_column_inner][tm_image image=&#8221;3067&#8243;][tm_spacer size=&#8221;lg:5&#8243;][vc_column_text css=&#8221;&#8221;]<\/p>\n<h2 class=\"main-head\">Sita subscreve o<span class=\"highlight-head\">compromisso<\/span><br \/>\n<span class=\"highlight-head\">Travel For Life<\/span><\/h2>\n<p>[\/vc_column_text][tm_spacer size=&#8221;lg:25&#8243;][vc_separator color=&#8221;turquoise&#8221; align=&#8221;align_left&#8221; el_width=&#8221;20&#8243; css=&#8221;&#8221;][tm_spacer size=&#8221;lg:30&#8243;][vc_column_text css=&#8221;&#8221;]A empresa assinou as Diretrizes do Viajante Respons\u00e1vel criadas pela Sociedade de Turismo Respons\u00e1vel da \u00cdndia e adoptadas pelo Minist\u00e9rio do Turismo, Governo da \u00cdndia.<\/p>\n<p>Enquanto signat\u00e1ria das Diretrizes do Viajante Respons\u00e1vel, a empresa ir\u00e1<\/p>\n<ul>\n<li>Opta por prestadores de servi\u00e7os que promovam pr\u00e1ticas de turismo sustent\u00e1vel.<\/li>\n<li>Explora viagens para destinos remotos e menos conhecidos.<\/li>\n<li>Respeita os costumes, as pr\u00e1ticas e os sentimentos locais.<\/li>\n<li>N\u00e3o perturbar ou prejudicar o habitat natural ou o meio envolvente.<\/li>\n<li>Aprecia e envolve-te na arte, cultura e folclore do local.<\/li>\n<li>Promover e apoiar a conserva\u00e7\u00e3o de s\u00edtios naturais e patrimoniais.<\/li>\n<li>Promove a economia local.<\/li>\n<li>Elimina os res\u00edduos de forma respons\u00e1vel e evita os pl\u00e1sticos de utiliza\u00e7\u00e3o \u00fanica.<\/li>\n<li>Defende viagens respons\u00e1veis.<\/li>\n<\/ul>\n<p>Ao assinar o compromisso, estamos a refor\u00e7ar ainda mais o nosso empenho na sustentabilidade, defendendo o turismo respons\u00e1vel.[\/vc_column_text][tm_spacer size=&#8221;lg:30&#8243;][\/vc_column_inner][\/vc_row_inner][\/vc_column][vc_column width=&#8221;1\/3&#8243; content_alignment=&#8221;right&#8221; offset=&#8221;vc_col-md-5&#8243; order=&#8221;xs:1;sm:1&#8243;][tm_image align=&#8221;right&#8221; sm_align=&#8221;center&#8221; image=&#8221;4775&#8243; lg_spacing=&#8221;margin_right:50;margin_left:20&#8243; md_spacing=&#8221;margin_left:50&#8243; sm_spacing=&#8221;margin_left:0&#8243;][tm_spacer size=&#8221;lg:30&#8243;][\/vc_column][\/vc_row][vc_row full_width=&#8221;stretch_row_content&#8221; height=&#8221;full&#8221; background_image=&#8221;4784&#8243;][vc_column][vc_row_inner content_placement=&#8221;middle&#8221; background_color=&#8221;custom&#8221; border_radius=&#8221;200px&#8221; custom_background_color=&#8221;#FFFFFF&#8221; lg_spacing=&#8221;margin_top:100;margin_right:50;margin_bottom:30;margin_left:50;padding_top:30;padding_right:100;padding_bottom:30;padding_left:100&#8243; sm_spacing=&#8221;margin_right:15;margin_left:15&#8243;][vc_column_inner width=&#8221;5\/6&#8243;][tm_heading tag=&#8221;h2&#8243; custom_google_font=&#8221;&#8221; src=&#8221;&#8220;\/NewSita\/wp-content\/uploads\/2023\/08\/sita-icon.png&#8220;&#8221; alt=&#8221;&#8220;Sita&#8221; font_size=&#8221;lg:46&#8243;][vc_column_text css=&#8221;&#8221;]<\/p>\n<h2 class=\"main-head\"><span class=\"highlight-head\">Certificado<\/span> CSR<\/h2>\n<p>[\/vc_column_text][tm_spacer size=&#8221;lg:20&#8243;][vc_separator color=&#8221;turquoise&#8221; align=&#8221;align_left&#8221; el_width=&#8221;20&#8243; css=&#8221;&#8221;][tm_spacer size=&#8221;lg:20&#8243;][vc_column_text css=&#8221;&#8221;]A Sita tem a certifica\u00e7\u00e3o TourCert e orgulha-se de ser o primeiro DMC da \u00cdndia a receber o selo CSR Committed. Viajar para o futuro significa tornar a ind\u00fastria das viagens apta para o futuro e tamb\u00e9m sensibilizar os viajantes para que contribuam de forma positiva para todos os envolvidos nas suas f\u00e9rias. <\/p>\n<p>Todos os crit\u00e9rios da TourCert baseiam-se nas normas internacionais de gest\u00e3o da qualidade e do ambiente, de acordo com as normas ISO e EMAS, bem como nas diretrizes ISO para a responsabilidade empresarial (ISO 26000), e est\u00e3o tamb\u00e9m orientados para os regulamentos internacionais do Conselho Mundial de Turismo Sustent\u00e1vel (GSTC).[\/vc_column_text][\/vc_column_inner][vc_column_inner width=&#8221;1\/6&#8243;][tm_image sm_align=&#8221;center&#8221; image=&#8221;4785&#8243;][\/vc_column_inner][\/vc_row_inner][vc_row_inner content_placement=&#8221;middle&#8221; background_color=&#8221;custom&#8221; border_radius=&#8221;200px&#8221; custom_background_color=&#8221;#FFFFFF&#8221; lg_spacing=&#8221;margin_top:30;margin_right:50;margin_bottom:100;margin_left:50;padding_top:30;padding_right:100;padding_bottom:30;padding_left:100&#8243; sm_spacing=&#8221;margin_right:15;margin_left:15&#8243;][vc_column_inner width=&#8221;5\/6&#8243;][tm_spacer size=&#8221;lg:10&#8243;][vc_column_text css=&#8221;&#8221;]<\/p>\n<h2 class=\"main-head\">O <span class=\"highlight-head\">C\u00f3digo<\/span><\/h2>\n<p>[\/vc_column_text][tm_spacer size=&#8221;lg:20&#8243;][vc_separator color=&#8221;turquoise&#8221; align=&#8221;align_left&#8221; el_width=&#8221;20&#8243; css=&#8221;&#8221;][tm_spacer size=&#8221;lg:20&#8243;][vc_column_text css=&#8221;&#8221;]A Sita \u00e9 uma orgulhosa signat\u00e1ria do C\u00f3digo (abreviatura de &#8220;The Code of Conduct for the Protection of Children from Sexual Exploitation in Travel and Tourism&#8221;). O C\u00f3digo trabalha para acabar com a explora\u00e7\u00e3o sexual de crian\u00e7as em viagens e turismo atrav\u00e9s da cria\u00e7\u00e3o de uma ind\u00fastria tur\u00edstica conhecedora e bem treinada que possa reconhecer e prevenir potenciais abusos e tamb\u00e9m atrav\u00e9s da cria\u00e7\u00e3o de ambientes de toler\u00e2ncia zero onde os viajantes compreendam que estes crimes s\u00e3o inaceit\u00e1veis e que os infractores ser\u00e3o processados.[\/vc_column_text][tm_spacer size=&#8221;lg:10&#8243;][\/vc_column_inner][vc_column_inner width=&#8221;1\/6&#8243;][tm_image sm_align=&#8221;center&#8221; image=&#8221;4790&#8243;][\/vc_column_inner][\/vc_row_inner][\/vc_column][\/vc_row][vc_row full_width=&#8221;stretch_row&#8221; background_size=&#8221;auto&#8221; background_image=&#8221;913&#8243; lg_spacing=&#8221;padding_top:100;padding_bottom:100&#8243;][vc_column][tm_image align=&#8221;center&#8221; image=&#8221;3067&#8243;][tm_spacer size=&#8221;lg:5&#8243;][vc_column_text css=&#8221;&#8221;]<\/p>\n<h2 class=\"main-head2\"><span class=\"highlight-head\">Iniciativas<\/span> anteriores<\/h2>\n<p>[\/vc_column_text][tm_spacer size=&#8221;lg:25&#8243;][vc_separator color=&#8221;turquoise&#8221; el_width=&#8221;10&#8243; css=&#8221;&#8221;][tm_spacer size=&#8221;lg:60&#8243;][vc_tta_tabs style=&#8221;retrolie-02&#8243; alignment=&#8221;center&#8221; active_section=&#8221;1&#8243;][vc_tta_section title=&#8221;Alfabetiza\u00e7\u00e3o na \u00cdndia&#8221; tab_id=&#8221;1750068310392-a4722c6b-3daa&#8221;][vc_row_inner equal_height=&#8221;yes&#8221; content_placement=&#8221;top&#8221; background_color=&#8221;custom&#8221; border_radius=&#8221;10px&#8221; box_shadow=&#8221;0px 0px 8px 0px #ccc&#8221; lg_spacing=&#8221;margin_top:5;margin_right:5;margin_bottom:20;margin_left:5;padding_top:20;padding_right:20;padding_bottom:20;padding_left:20&#8243; custom_background_color=&#8221;#FFFFFF&#8221;][vc_column_inner width=&#8221;2\/3&#8243;][vc_column_text css=&#8221;&#8221;]<\/p>\n<p>A Sita tem estado a trabalhar com uma organiza\u00e7\u00e3o sem fins lucrativos, a Literacy India, como uma extens\u00e3o da sua iniciativa de Responsabilidade Social Empresarial. A Literacy India est\u00e1 sediada em Gurgaon, Haryana. <\/p>\n<p>A Literacy India trabalha com o objetivo de dar poder \u00e0s crian\u00e7as e mulheres desfavorecidas, tornando-as auto-suficientes. Concentra-se em provocar uma mudan\u00e7a qualitativa na vida das crian\u00e7as desfavorecidas, dando um significado diferente \u00e0 educa\u00e7\u00e3o. A Literacy India fornece apoio educativo diversificado a crian\u00e7as de comunidades desfavorecidas, quebrando o ciclo da pobreza atrav\u00e9s da cria\u00e7\u00e3o de confian\u00e7a e sensibiliza\u00e7\u00e3o, ensinando sobre cuidados pessoais, fornecendo modelos, produzindo pe\u00e7as de teatro de rua, identificando problemas sociais locais, juntamente com a escolaridade mais tradicional em salas de aula, aulas de alfabetiza\u00e7\u00e3o de adultos, patroc\u00ednio e forma\u00e7\u00e3o profissional.  <\/p>\n<p>Apoia tamb\u00e9m uma unidade de papel independente, onde o papel \u00e9 reciclado por mulheres das aldeias circundantes, a quem foi ensinada a t\u00e9cnica para as ajudar a ganhar a vida.<\/p>\n<p>A Sita apoia a nobre causa da Literacy India, oferecendo-lhes v\u00e1rios projectos para ajudar a capacitar as mulheres.<br \/>\nAtrav\u00e9s destes projectos, as mulheres desfavorecidas t\u00eam a oportunidade de obter um emprego e desenvolver as suas compet\u00eancias para sustentar a sua subsist\u00eancia.<\/p>\n<p>Para ver um v\u00eddeo, <a href=\"https:\/\/www.youtube.com\/watch?v=ouxplLHPWqg\" target=\"_blank\" rel=\"noopener\">clica aqui<\/a>.[\/vc_column_text][\/vc_column_inner][vc_column_inner width=&#8221;1\/3&#8243; content_alignment=&#8221;center&#8221; md_content_alignment=&#8221;left&#8221; background_image=&#8221;4795&#8243; background_position=&#8221;center center&#8221;][\/vc_column_inner][\/vc_row_inner][\/vc_tta_section][vc_tta_section title=&#8221;Combate a polui\u00e7\u00e3o por pl\u00e1sticos&#8221; tab_id=&#8221;1751613335503-b1d86c3c-6b8c&#8221;][vc_row_inner equal_height=&#8221;yes&#8221; content_placement=&#8221;middle&#8221; background_color=&#8221;custom&#8221; border_radius=&#8221;10px&#8221; box_shadow=&#8221;0px 0px 8px 0px #ccc&#8221; lg_spacing=&#8221;margin_top:5;margin_right:5;margin_bottom:20;margin_left:5;padding_top:20;padding_right:20;padding_bottom:20;padding_left:20&#8243; custom_background_color=&#8221;#FFFFFF&#8221;][vc_column_inner width=&#8221;2\/3&#8243;][vc_column_text css=&#8221;&#8221;]Num esfor\u00e7o para se alinhar com os esfor\u00e7os globais de sustentabilidade, a empresa aderiu \u00e0 iniciativa &#8220;Beat Plastic Pollution&#8221;. Como primeiro passo para esta boa causa, o pl\u00e1stico sob a forma de garrafas de \u00e1gua foi banido da organiza\u00e7\u00e3o. Um copo de \u00e1gua em alum\u00ednio foi concebido como um folheto especial para todos os funcion\u00e1rios colocarem nos seus postos de trabalho e utilizarem para consumir \u00e1gua. Esta medida faz parte do esfor\u00e7o cont\u00ednuo da empresa para preservar o ambiente e incentivar um estilo de vida sustent\u00e1vel.[\/vc_column_text][\/vc_column_inner][vc_column_inner width=&#8221;1\/3&#8243; content_alignment=&#8221;center&#8221; md_content_alignment=&#8221;left&#8221; background_image=&#8221;4806&#8243; background_position=&#8221;center center&#8221;][tm_spacer size=&#8221;lg:250&#8243;][\/vc_column_inner][\/vc_row_inner][\/vc_tta_section][vc_tta_section title=&#8221;Ambul\u00e2ncia no Forte de Amber&#8221; tab_id=&#8221;1751613401529-ce4f28a1-df5a&#8221;][vc_row_inner equal_height=&#8221;yes&#8221; content_placement=&#8221;top&#8221; background_color=&#8221;custom&#8221; border_radius=&#8221;10px&#8221; box_shadow=&#8221;0px 0px 8px 0px #ccc&#8221; lg_spacing=&#8221;margin_top:5;margin_right:5;margin_bottom:20;margin_left:5;padding_top:20;padding_right:20;padding_bottom:20;padding_left:20&#8243; custom_background_color=&#8221;#FFFFFF&#8221;][vc_column_inner width=&#8221;2\/3&#8243;][vc_column_text css=&#8221;&#8221;]Como parte do nosso esfor\u00e7o de Responsabilidade Social Empresarial (RSE), a Sita doou uma ambul\u00e2ncia no Forte de Amber para qualquer assist\u00eancia m\u00e9dica 24 horas por dia, \u00e0 Autoridade de Desenvolvimento de Amber.<\/p>\n<p>Numa cerim\u00f3nia formal, durante o &#8220;Jaipur by Nite Festival&#8221;, o ve\u00edculo foi entregue \u00e0 Sra. Usha Punia, Ministra de Estado do Turismo, Governo do Rajast\u00e3o, em 2 de agosto de 2008, em Jaipur. Na ocasi\u00e3o, estiveram presentes membros superiores do Governo do Minist\u00e9rio do Turismo, Arte e Cultura. <\/p>\n<p>Esta iniciativa \u00e9 motivo de grande orgulho para a empresa, uma vez que d\u00e1 a oportunidade de chegar aos turistas que, em alternativa, n\u00e3o tinham qualquer op\u00e7\u00e3o de assist\u00eancia m\u00e9dica em Amber, onde a necessidade da mesma j\u00e1 se fazia sentir h\u00e1 muito tempo.<\/p>\n<p>A conserva\u00e7\u00e3o e a manuten\u00e7\u00e3o da ambul\u00e2ncia ser\u00e3o da responsabilidade da Amber Development Authority.[\/vc_column_text][\/vc_column_inner][vc_column_inner width=&#8221;1\/3&#8243; content_alignment=&#8221;center&#8221; md_content_alignment=&#8221;left&#8221; background_image=&#8221;4813&#8243; background_position=&#8221;right center&#8221;][\/vc_column_inner][\/vc_row_inner][\/vc_tta_section][vc_tta_section title=&#8221;Ve\u00edculo tur\u00edstico de Jaipur&#8221; tab_id=&#8221;1751613517802-e361dc3b-71d4&#8243;][vc_row_inner equal_height=&#8221;yes&#8221; content_placement=&#8221;top&#8221; background_color=&#8221;custom&#8221; border_radius=&#8221;10px&#8221; box_shadow=&#8221;0px 0px 8px 0px #ccc&#8221; lg_spacing=&#8221;margin_top:5;margin_right:5;margin_bottom:20;margin_left:5;padding_top:20;padding_right:20;padding_bottom:20;padding_left:20&#8243; custom_background_color=&#8221;#FFFFFF&#8221;][vc_column_inner width=&#8221;2\/3&#8243;][vc_column_text css=&#8221;&#8221;]Como extens\u00e3o da sua iniciativa de Responsabilidade Corporativa, a Sita doou um Toyota Innova ao Governo do Rajast\u00e3o para servir como Ve\u00edculo da For\u00e7a de Assist\u00eancia ao Turista para a assist\u00eancia aos turistas em Jaipur.<\/p>\n<p>Por ocasi\u00e3o do Dia Mundial do Turismo, 27 de setembro de 2012, o ve\u00edculo da marca Sita foi entregue a Smt. Bina Kak, Hon&#8217;ble Minister of Tourism, Government of Rajasthan, durante uma cerim\u00f3nia formal no Albert Hall em Jaipur. Na ocasi\u00e3o, estiveram presentes membros seniores do Governo do Minist\u00e9rio do Turismo, Arte e Cultura.  <\/p>\n<p>O ve\u00edculo da For\u00e7a de Assist\u00eancia ao Turista patrulha as zonas de atra\u00e7\u00e3o tur\u00edstica de Jaipur e est\u00e1 dispon\u00edvel para qualquer assist\u00eancia necess\u00e1ria aos turistas.[\/vc_column_text][\/vc_column_inner][vc_column_inner width=&#8221;1\/3&#8243; content_alignment=&#8221;center&#8221; md_content_alignment=&#8221;left&#8221; background_image=&#8221;4814&#8243; background_position=&#8221;bottom center&#8221;][\/vc_column_inner][\/vc_row_inner][\/vc_tta_section][vc_tta_section title=&#8221;Prote\u00e7\u00e3o da crian\u00e7a&#8221; tab_id=&#8221;1751614203170-96b26f02-0931&#8243;][vc_row_inner equal_height=&#8221;yes&#8221; content_placement=&#8221;top&#8221; background_color=&#8221;custom&#8221; border_radius=&#8221;10px&#8221; box_shadow=&#8221;0px 0px 8px 0px #ccc&#8221; lg_spacing=&#8221;margin_top:5;margin_right:5;margin_bottom:20;margin_left:5;padding_top:20;padding_right:20;padding_bottom:20;padding_left:20&#8243; custom_background_color=&#8221;#FFFFFF&#8221;][vc_column_inner width=&#8221;2\/3&#8243;][vc_column_text css=&#8221;&#8221;]Como parte do seu programa de Responsabilidade Corporativa, a Empresa realizou workshops na \u00cdndia em 2009 e 2010 com o objetivo principal de aumentar a sensibiliza\u00e7\u00e3o entre as v\u00e1rias partes interessadas da ind\u00fastria do turismo em Kerala e Goa para sensibilizar os parceiros e fornecedores de hot\u00e9is sobre a vulnerabilidade das crian\u00e7as \u00e0 explora\u00e7\u00e3o sexual.<\/p>\n<p>Os semin\u00e1rios foram organizados em coopera\u00e7\u00e3o com a Equations, a filial indiana da ECPAT (End Child Prostitution, Child Pornography And Trafficking of Children for Sexual Purposes &#8211; uma ONG com liga\u00e7\u00f5es internacionais) e com a Child Rights Goa (CRG), com quem a Sita continua a estabelecer parcerias para esta iniciativa.<\/p>\n<p>A Sita foi galardoada com o pr\u00e9mio PATA 2010 Gold Award por esta iniciativa, que \u00e9 a primeira de uma empresa de viagens na \u00cdndia.[\/vc_column_text][\/vc_column_inner][vc_column_inner width=&#8221;1\/3&#8243; content_alignment=&#8221;center&#8221; md_content_alignment=&#8221;left&#8221; background_image=&#8221;4817&#8243; background_position=&#8221;center center&#8221;][\/vc_column_inner][\/vc_row_inner][\/vc_tta_section][vc_tta_section title=&#8221;Corre para o Nepal com a Sita&#8221; tab_id=&#8221;1751614498622-49a21aae-daa8&#8243;][vc_row_inner equal_height=&#8221;yes&#8221; content_placement=&#8221;middle&#8221; background_color=&#8221;custom&#8221; border_radius=&#8221;10px&#8221; box_shadow=&#8221;0px 0px 8px 0px #ccc&#8221; lg_spacing=&#8221;margin_top:5;margin_right:5;margin_bottom:20;margin_left:5;padding_top:20;padding_right:20;padding_bottom:20;padding_left:20&#8243; custom_background_color=&#8221;#FFFFFF&#8221;][vc_column_inner width=&#8221;2\/3&#8243;][vc_column_text css=&#8221;&#8221;]A equipa da Sita e os seus amigos e parceiros participaram na: Sita and You &#8211; Walk, Run or Cycle para angariar fundos para o Fundo de Socorro da Sita no Nepal, a 17 de maio de 2015.<\/p>\n<p>O evento teve lugar em Gurgaon, Jaipur, Cochin e Goa.<\/p>\n<p>Neeraj Bhatt, Chefe de Opera\u00e7\u00f5es e Desenvolvimento de Neg\u00f3cios da Sita pertence ao Nepal e assumiu a lideran\u00e7a desta iniciativa juntamente com Deenam Lamichhane, o nosso Diretor Geral no Nepal.<\/p>\n<p>Para quaisquer quest\u00f5es, por favor envia-lhes um e-mail para: <a href=\"mailto:neeraj.bhatt@sita.in\">neeraj.bhatt@sita.in<\/a><\/p>\n<p>Para ver um v\u00eddeo, por favor clica <a href=\"https:\/\/player.vimeo.com\/video\/170110684\" target=\"_blank\" rel=\"noopener\">aqui<\/a>.[\/vc_column_text][\/vc_column_inner][vc_column_inner width=&#8221;1\/3&#8243; content_alignment=&#8221;center&#8221; md_content_alignment=&#8221;left&#8221; background_image=&#8221;4818&#8243; background_position=&#8221;center center&#8221;][\/vc_column_inner][\/vc_row_inner][\/vc_tta_section][vc_tta_section title=&#8221;Projeto do Fundo de Socorro do Nepal&#8221; tab_id=&#8221;1751616981651-dc6e4e8b-9704&#8243;][vc_row_inner equal_height=&#8221;yes&#8221; content_placement=&#8221;middle&#8221; background_color=&#8221;custom&#8221; border_radius=&#8221;10px&#8221; box_shadow=&#8221;0px 0px 8px 0px #ccc&#8221; lg_spacing=&#8221;margin_top:5;margin_right:5;margin_bottom:20;margin_left:5;padding_top:20;padding_right:20;padding_bottom:20;padding_left:20&#8243; custom_background_color=&#8221;#FFFFFF&#8221;][vc_column_inner width=&#8221;2\/3&#8243;][vc_column_text css=&#8221;&#8221;]A Sita trabalhou com a Abari, uma empresa de pesquisa, design e constru\u00e7\u00e3o de orienta\u00e7\u00e3o social sediada no Nepal, para reconstruir um bloco de salas de aula na Escola Secund\u00e1ria Saraswati, em Dhulikhel, como parte do seu projeto de RSE, utilizando o Fundo de Socorro do Nepal que foi generosamente doado pelos nossos colegas, parceiros e fam\u00edlia para apoiar as pessoas afectadas pelo terramoto devastador de 25 de abril de 2015.<\/p>\n<p>A Sita acompanhou a Abari em todas as etapas, desde a constru\u00e7\u00e3o das treli\u00e7as de bambu para as duas salas de aula, passando pelo processo de reboco com cal, a aplica\u00e7\u00e3o de solda e o enchimento do ch\u00e3o com bet\u00e3o, o corte de pe\u00e7as de bambu e o trabalho preparat\u00f3rio para os suportes met\u00e1licos para as treli\u00e7as do telhado, at\u00e9 \u00e0 constru\u00e7\u00e3o dos telhados das salas de aula. Tem sido uma viagem de conhecimento, compreens\u00e3o e deu-nos um significado mais profundo de sustentabilidade. O novo bloco de salas de aula \u00e9 resistente aos terramotos.  <\/p>\n<p>O grande dia chegou a 26 de fevereiro de 2017, quando o bloco de aulas foi oficialmente entregue \u00e0s autoridades escolares numa cerim\u00f3nia na escola.<\/p>\n<p>Obrigado a todos os membros que doaram para esta causa e um grande obrigado \u00e0 equipa da Sita Nepal por coordenar este projeto.<\/p>\n<p>Boa sorte para a Escola Secund\u00e1ria Saraswati.[\/vc_column_text][\/vc_column_inner][vc_column_inner width=&#8221;1\/3&#8243; content_alignment=&#8221;center&#8221; md_content_alignment=&#8221;left&#8221; background_image=&#8221;4825&#8243; background_position=&#8221;bottom center&#8221;][\/vc_column_inner][\/vc_row_inner][\/vc_tta_section][vc_tta_section title=&#8221;Direitos Humanos&#8221; tab_id=&#8221;1751618961217-af19c9c6-77f7&#8243;][vc_row_inner equal_height=&#8221;yes&#8221; content_placement=&#8221;middle&#8221; background_color=&#8221;custom&#8221; border_radius=&#8221;10px&#8221; box_shadow=&#8221;0px 0px 8px 0px #ccc&#8221; lg_spacing=&#8221;margin_top:5;margin_right:5;margin_bottom:20;margin_left:5;padding_top:20;padding_right:20;padding_bottom:20;padding_left:20&#8243; custom_background_color=&#8221;#FFFFFF&#8221;][vc_column_inner width=&#8221;2\/3&#8243;][vc_column_text css=&#8221;&#8221;]<\/p>\n<p>A Sita est\u00e1 empenhada em operar com respeito pelos direitos humanos. A Sita realizou um projeto sobre a dilig\u00eancia devida em mat\u00e9ria de direitos humanos na ind\u00fastria do turismo indiano em outubro de 2013. <\/p>\n<p>A Sita \u00e9 a primeira empresa de gest\u00e3o de destinos na \u00cdndia a realizar este projeto na ind\u00fastria do turismo.<\/p>\n<p>Atrav\u00e9s deste projeto, a Sita pretendia avaliar e analisar o contexto dos direitos humanos das suas opera\u00e7\u00f5es na \u00cdndia e os impactos que as nossas actividades e rela\u00e7\u00f5es comerciais podem ter e t\u00eam nos direitos humanos.<\/p>\n<p>O objetivo do projeto era o seguinte<\/p>\n<ul>\n<li>Fornecer \u00e0 Sita uma compreens\u00e3o mais precisa do contexto dos direitos humanos das suas opera\u00e7\u00f5es e rela\u00e7\u00f5es comerciais na \u00cdndia e dos impactos reais ou potenciais sobre os direitos humanos que possa causar, contribuir para ou estar ligado, bem como das medidas existentes que est\u00e3o a ser tomadas para os resolver.<\/li>\n<li>Identifica poss\u00edveis medidas de atenua\u00e7\u00e3o e meios para melhorar o acesso \u00e0 repara\u00e7\u00e3o.<\/li>\n<li>Gerar um processo que envolva a gest\u00e3o e as partes interessadas a n\u00edvel da empresa e do destino, a um n\u00edvel cont\u00ednuo, que possa ser integrado na pr\u00e1tica comercial da Sita.<\/li>\n<\/ul>\n<p>Agradecemos a todos os nossos parceiros que fizeram parte deste projeto na \u00cdndia.<br \/>\n[\/vc_column_text][\/vc_column_inner][vc_column_inner width=&#8221;1\/3&#8243; content_alignment=&#8221;center&#8221; md_content_alignment=&#8221;left&#8221; background_image=&#8221;4827&#8243; background_position=&#8221;center center&#8221;][\/vc_column_inner][\/vc_row_inner][\/vc_tta_section][vc_tta_section title=&#8221;Iniciativa Spiti&#8221; tab_id=&#8221;1751619589520-d4fab6c7-1010&#8243;][vc_row_inner equal_height=&#8221;yes&#8221; content_placement=&#8221;middle&#8221; background_color=&#8221;custom&#8221; border_radius=&#8221;10px&#8221; box_shadow=&#8221;0px 0px 8px 0px #ccc&#8221; lg_spacing=&#8221;margin_top:5;margin_right:5;margin_bottom:20;margin_left:5;padding_top:20;padding_right:20;padding_bottom:20;padding_left:20&#8243; custom_background_color=&#8221;#FFFFFF&#8221;][vc_column_inner width=&#8221;2\/3&#8243;][vc_column_text css=&#8221;&#8221;]A Sita tomou uma Iniciativa de Responsabilidade Empresarial no deserto frio de Spiti, nos Himalaias, em agosto de 2012, para construir um banho solar para um convento budista em Spiti.<\/p>\n<p>O banho solar foi constru\u00eddo em associa\u00e7\u00e3o com a Ecosphere, uma empresa social local apoiada pelo ecoturismo. A Ecosphere oferece diversas oportunidades de gera\u00e7\u00e3o de rendimentos \u00e0 comunidade montanhosa remota de Spiti, para al\u00e9m de trabalhar em v\u00e1rias alternativas de energia verde e iniciativas de conserva\u00e7\u00e3o. A equipa da Sita passou duas semanas em Spiti para construir a casa de banho. A equipa viajou em transportes p\u00fablicos para minimizar as pegadas de carbono das suas viagens.   <\/p>\n<p>As mulheres em Spiti n\u00e3o disp\u00f5em de uma zona de banho em casa. Durante os seis meses de inverno, s\u00e3o queimadas grandes quantidades de lenha para manter as casas quentes e para aquecer a \u00e1gua, o que provoca grandes emiss\u00f5es de carbono, especialmente de carbono negro, que provoca mudan\u00e7as de temperatura que levam a uma s\u00e9rie de impactos ambientais negativos para os seres humanos, as plantas e os ecossistemas animais. Mas h\u00e1 uma abund\u00e2ncia de dias de sol, quando os banhos solares desempenham um papel positivo. Os banhos solares n\u00e3o s\u00f3 reduzem as emiss\u00f5es de carbono e o consumo de lenha, como tamb\u00e9m melhoram a higiene pessoal das mulheres. A Sita espera poder contribuir para um impacto positivo na vida destas mulheres.    <\/p>\n<p>O benefici\u00e1rio desta iniciativa \u00e9 o Convento de Pangmo de Spiti, situado numa aldeia de Pangmo. A aldeia tem cerca de 25 casas com 150 pessoas e uma escola prim\u00e1ria. <\/p>\n<p>Esta iniciativa \u00e9 um reflexo do empenho da organiza\u00e7\u00e3o em ter um impacto positivo no nosso meio envolvente e nas pessoas que o rodeiam.[\/vc_column_text][\/vc_column_inner][vc_column_inner width=&#8221;1\/3&#8243; content_alignment=&#8221;center&#8221; md_content_alignment=&#8221;left&#8221; background_image=&#8221;4828&#8243; background_position=&#8221;center center&#8221;][\/vc_column_inner][\/vc_row_inner][\/vc_tta_section][\/vc_tta_tabs][\/vc_column][\/vc_row]<\/p>\n<\/div>","protected":false},"excerpt":{"rendered":"<p>[vc_row full_width=&#8221;stretch_row&#8221; overlay_background=&#8221;custom&#8221; overlay_custom_background=&#8221;#031914&#8243; overlay_opacity=&#8221;25&#8243; lg_spacing=&#8221;padding_top:193;padding_bottom:209&#8243; background_image=&#8221;4737&#8243; background_position=&#8221;top center&#8221;][vc_column][vc_column_text css=&#8221;&#8221;] A sustentabilidade e n\u00f3s [\/vc_column_text][tm_spacer size=&#8221;lg:20&#8243;][vc_column_text css=&#8221;&#8221;] Uma viagem em dire\u00e7\u00e3o \u00e0 mudan\u00e7a [\/vc_column_text][\/vc_column][\/vc_row][vc_row full_width=&#8221;stretch_row&#8221; background_repeat=&#8221;repeat-y&#8221; overlay_background=&#8221;custom&#8221; overlay_custom_background=&#8221;#ffffff&#8221; overlay_opacity=&#8221;20&#8243; lg_spacing=&#8221;padding_top:80;padding_right:300;padding_bottom:80;padding_left:300&#8243; el_id=&#8221;sec\u00e7\u00e3o-sobre&#8221; background_image=&#8221;4739&#8243; md_spacing=&#8221;padding_right:0;padding_left:0&#8243; sm_spacing=&#8221;padding_right:0;padding_left:0&#8243; xs_spacing=&#8221;padding_right:0;padding_left:0&#8243; background_position=&#8221;center center&#8221;][vc_column][tm_spacer size=&#8221;lg:70&#8243;][tm_image align=&#8221;center&#8221; image=&#8221;3067&#8243;][tm_spacer size=&#8221;lg:28&#8243;][vc_column_text css=&#8221;&#8221;] Proporcionamos experi\u00eancias de viagem que s\u00e3o enriquecedoras e socialmente, ambientalmente e economicamente respons\u00e1veis. A transpar\u00eancia e a colabora\u00e7\u00e3o moldam todas as rela\u00e7\u00f5es &#8211; com clientes, equipas internas e parceiros de destino. A responsabilidade social corporativa \u00e9 parte integrante da nossa filosofia, incorporada em todas as nossas opera\u00e7\u00f5es. [\/vc_column_text][tm_spacer size=&#8221;lg:40&#8243;][vc_separator style=&#8221;dashed&#8221;][tm_spacer size=&#8221;lg:40&#8243;][vc_column_text css=&#8221;&#8221;] Ao estabelecermos parcerias com organiza\u00e7\u00f5es que pensam da mesma forma, fomos pioneiros em pr\u00e1ticas de sustentabilidade no sector, introduzindo a primeira estrutura de sustentabilidade mensur\u00e1vel. Esta lideran\u00e7a permite que os nossos parceiros comerciais se alinhem com confian\u00e7a com os padr\u00f5es \u00e9ticos de viagem e satisfa\u00e7am as crescentes exig\u00eancias do mercado para um turismo respons\u00e1vel. [\/vc_column_text][tm_spacer size=&#8221;lg:100&#8243;][\/vc_column][\/vc_row][vc_row full_width=&#8221;stretch_row&#8221; lg_spacing=&#8221;padding_bottom:100&#8243;][vc_column width=&#8221;1\/2&#8243;][tm_spacer size=&#8221;lg:47&#8243;][tm_image image=&#8221;3067&#8243;][tm_spacer size=&#8221;lg:5&#8243;][vc_column_text css=&#8221;&#8221;] Somos Travelife Certified [\/vc_column_text][tm_spacer size=&#8221;lg:25&#8243;][vc_separator color=&#8221;turquoise&#8221; align=&#8221;align_left&#8221; el_width=&#8221;20&#8243; css=&#8221;&#8221;][tm_spacer size=&#8221;lg:30&#8243;][vc_column_text css=&#8221;&#8221;]A Sita recebeu o pr\u00e9mio Travelife Certified Award. O pr\u00e9mio \u00e9 um reconhecimento dos esfor\u00e7os a longo prazo e da posi\u00e7\u00e3o de lideran\u00e7a da Travel Corporation India Ltd no que diz respeito \u00e0 sustentabilidade e \u00e0 responsabilidade social das empresas.[\/vc_column_text][tm_spacer size=&#8221;lg:47&#8243;][vc_column_text css=&#8221;&#8221;][\/vc_column_text][tm_spacer size=&#8221;lg:60&#8243;][\/vc_column][vc_column width=&#8221;1\/2&#8243;][vc_row_inner][vc_column_inner][tm_image image=&#8221;4764&#8243;][\/vc_column_inner][\/vc_row_inner][\/vc_column][\/vc_row][vc_row full_width=&#8221;stretch_row&#8221; content_placement=&#8221;middle&#8221; lg_spacing=&#8221;padding_top:100;padding_bottom:150&#8243;][vc_column offset=&#8221;vc_col-md-6&#8243;][tm_image full_wide=&#8221;1&#8243; caption_position=&#8221;right&#8221; caption_color=&#8221;primary&#8221; image=&#8221;4743&#8243;][\/vc_column][vc_column offset=&#8221;vc_col-md-offset-1 vc_col-md-5&#8243;][vc_row_inner][vc_column_inner][tm_image image=&#8221;3067&#8243;][tm_spacer size=&#8221;lg:5&#8243;][vc_column_text css=&#8221;&#8221;] Objectivos de Desenvolvimento Sustent\u00e1vel da ONU [\/vc_column_text][tm_spacer size=&#8221;lg:25&#8243;][vc_separator color=&#8221;turquoise&#8221; align=&#8221;align_left&#8221; el_width=&#8221;20&#8243; css=&#8221;&#8221;][tm_spacer size=&#8221;lg:30&#8243;][vc_column_text css=&#8221;&#8221;]Os Objectivos de Desenvolvimento Sustent\u00e1vel das Na\u00e7\u00f5es Unidas proporcionam um quadro de a\u00e7\u00e3o colectiva para abordar quest\u00f5es globais como a pobreza, a igualdade de g\u00e9nero e as altera\u00e7\u00f5es clim\u00e1ticas. A Pol\u00edtica de Turismo Sustent\u00e1vel da Sita centra-se em 6 destes 17 objectivos.[\/vc_column_text][tm_spacer size=&#8221;lg:30&#8243;][vc_btn title=&#8221;Ver pol\u00edtica&#8221; color=&#8221;info&#8221; css=&#8221;&#8221; link=&#8221;url:https%3A%2F%2Fwww.sita.in%2Fold%2Fwp-content%2Fuploads%2F2024%2F10%2FSita-Sustainable-Tourism-Policy.pdf|target:_blank|&#8221;][tm_spacer size=&#8221;lg:30&#8243;][\/vc_column_inner][\/vc_row_inner][\/vc_column][\/vc_row][vc_row full_width=&#8221;stretch_row_content&#8221; content_placement=&#8221;middle&#8221; lg_spacing=&#8221;padding_bottom:150&#8243;][vc_column width=&#8221;1\/3&#8243; offset=&#8221;vc_col-md-1&#8243;][\/vc_column][vc_column width=&#8221;1\/3&#8243; offset=&#8221;vc_col-md-6&#8243;][vc_row_inner sm_content_alignment=&#8221;center&#8221;][vc_column_inner][tm_image image=&#8221;3067&#8243;][tm_spacer size=&#8221;lg:5&#8243;][vc_column_text css=&#8221;&#8221;] A Sita orgulha-se de ser signat\u00e1ria da Declara\u00e7\u00e3o de Glasgow sobre a A\u00e7\u00e3o Clim\u00e1tica no Turismo [\/vc_column_text][tm_spacer size=&#8221;lg:25&#8243;][vc_separator color=&#8221;turquoise&#8221; align=&#8221;align_left&#8221; el_width=&#8221;20&#8243; css=&#8221;&#8221;][tm_spacer size=&#8221;lg:30&#8243;][vc_column_text css=&#8221;&#8221;]A Sita tornou-se signat\u00e1ria da Declara\u00e7\u00e3o de Glasgow, comprometendo-se a apresentar planos alinhados com as vias para reduzir as emiss\u00f5es do turismo para metade na pr\u00f3xima d\u00e9cada e atingir emiss\u00f5es l\u00edquidas nulas o mais rapidamente poss\u00edvel antes de 2050. A Declara\u00e7\u00e3o de Glasgow sobre a A\u00e7\u00e3o Clim\u00e1tica no Turismo une as viagens e o turismo em torno de um conjunto comum de caminhos para a a\u00e7\u00e3o clim\u00e1tica, alinhando o sector com os compromissos globais e catalisando solu\u00e7\u00f5es de colabora\u00e7\u00e3o para os muitos desafios que as empresas e os destinos enfrentam a n\u00edvel mundial. A Declara\u00e7\u00e3o de Glasgow incentiva a acelera\u00e7\u00e3o da a\u00e7\u00e3o clim\u00e1tica no turismo, assegurando compromissos para reduzir as emiss\u00f5es no turismo em, pelo menos, 50% durante a pr\u00f3xima d\u00e9cada e atingir o Net Zero o mais rapidamente poss\u00edvel antes de 2050.[\/vc_column_text][tm_spacer size=&#8221;lg:30&#8243;][\/vc_column_inner][\/vc_row_inner][\/vc_column][vc_column width=&#8221;1\/3&#8243; offset=&#8221;vc_col-md-5&#8243; order=&#8221;xs:1;sm:1&#8243;][tm_image align=&#8221;right&#8221; sm_align=&#8221;center&#8221; image=&#8221;4779&#8243; lg_spacing=&#8221;margin_left:70&#8243; md_spacing=&#8221;margin_left:50&#8243; sm_spacing=&#8221;margin_left:0&#8243;][tm_spacer size=&#8221;lg:30&#8243;][\/vc_column][\/vc_row][vc_row full_width=&#8221;stretch_row_content&#8221; content_placement=&#8221;middle&#8221; lg_spacing=&#8221;padding_bottom:150&#8243;][vc_column width=&#8221;1\/3&#8243; content_alignment=&#8221;right&#8221; offset=&#8221;vc_col-md-5&#8243; order=&#8221;xs:1;sm:1&#8243;][tm_image align=&#8221;right&#8221; sm_align=&#8221;center&#8221; image=&#8221;4781&#8243; lg_spacing=&#8221;margin_right:50;margin_left:20&#8243; md_spacing=&#8221;margin_left:50&#8243; sm_spacing=&#8221;margin_left:0&#8243;][tm_spacer size=&#8221;lg:30&#8243;][\/vc_column][vc_column width=&#8221;1\/3&#8243; offset=&#8221;vc_col-md-6&#8243;][vc_row_inner sm_content_alignment=&#8221;center&#8221;][vc_column_inner][tm_image image=&#8221;3067&#8243;][tm_spacer size=&#8221;lg:5&#8243;][vc_column_text css=&#8221;&#8221;] Princ\u00edpios de Empoderamento das Mulheres &#8211; Uma iniciativa da ONU [\/vc_column_text][tm_spacer size=&#8221;lg:25&#8243;][vc_separator color=&#8221;turquoise&#8221; align=&#8221;align_left&#8221; el_width=&#8221;20&#8243; css=&#8221;&#8221;][tm_spacer size=&#8221;lg:30&#8243;][vc_column_text css=&#8221;&#8221;]A empresa \u00e9 signat\u00e1ria dos &#8220;Princ\u00edpios de Empoderamento das Mulheres&#8221; &#8211; uma iniciativa da ONU Mulheres. Os Princ\u00edpios de Empoderamento das Mulheres (WEPs) s\u00e3o um ve\u00edculo primordial para a concretiza\u00e7\u00e3o empresarial das dimens\u00f5es de igualdade de g\u00e9nero da agenda 2030 e dos Objectivos de Desenvolvimento Sustent\u00e1vel das Na\u00e7\u00f5es Unidas. Como extens\u00e3o da sua responsabilidade corporativa, a empresa subscreveu os &#8220;Princ\u00edpios de Empoderamento das Mulheres&#8221; &#8211; uma iniciativa da ONU Mulheres para apoiar a igualdade de g\u00e9nero no local de trabalho, no mercado e na comunidade. O empoderamento das mulheres continua a ser uma das nossas principais iniciativas de responsabilidade empresarial. Os Princ\u00edpios de Empoderamento das Mulheres (WEPs) s\u00e3o um conjunto de princ\u00edpios que oferecem orienta\u00e7\u00e3o \u00e0s empresas sobre como promover a igualdade de g\u00e9nero e o empoderamento das mulheres no local de trabalho, no mercado e na comunidade. Estabelecidos pela UN Global Compact e pela UN Women, os WEPs baseiam-se em normas internacionais de trabalho e de direitos humanos e assentam no reconhecimento de que as empresas t\u00eam um interesse e uma responsabilidade na igualdade de g\u00e9nero e no empoderamento das mulheres.[\/vc_column_text][tm_spacer size=&#8221;lg:30&#8243;][\/vc_column_inner][\/vc_row_inner][\/vc_column][vc_column width=&#8221;1\/3&#8243; offset=&#8221;vc_col-md-1&#8243;][\/vc_column][\/vc_row][vc_row full_width=&#8221;stretch_row_content&#8221; content_placement=&#8221;middle&#8221; lg_spacing=&#8221;padding_bottom:150&#8243;][vc_column width=&#8221;1\/3&#8243; offset=&#8221;vc_col-md-1&#8243;][\/vc_column][vc_column width=&#8221;1\/3&#8243; offset=&#8221;vc_col-md-6&#8243;][vc_row_inner sm_content_alignment=&#8221;center&#8221;][vc_column_inner][tm_image image=&#8221;3067&#8243;][tm_spacer size=&#8221;lg:5&#8243;][vc_column_text css=&#8221;&#8221;] Garrafa para a mudan\u00e7a [\/vc_column_text][tm_spacer size=&#8221;lg:25&#8243;][vc_separator color=&#8221;turquoise&#8221; align=&#8221;align_left&#8221; el_width=&#8221;20&#8243; css=&#8221;&#8221;][tm_spacer size=&#8221;lg:30&#8243;][vc_column_text css=&#8221;&#8221;]Somos tamb\u00e9m signat\u00e1rios da Global Tourism Plastics Initiative, que une o sector do turismo em torno de uma vis\u00e3o comum para combater as causas profundas da polui\u00e7\u00e3o por pl\u00e1sticos. Permite que as empresas, os governos e outras partes interessadas do turismo d\u00eaem o exemplo na mudan\u00e7a para uma economia circular dos pl\u00e1sticos.[\/vc_column_text][tm_spacer size=&#8221;lg:30&#8243;][\/vc_column_inner][\/vc_row_inner][\/vc_column][vc_column width=&#8221;1\/3&#8243; offset=&#8221;vc_col-md-5&#8243; order=&#8221;xs:1;sm:1&#8243;][tm_image align=&#8221;right&#8221; sm_align=&#8221;center&#8221; image=&#8221;45716&#8243; lg_spacing=&#8221;margin_left:70&#8243; md_spacing=&#8221;margin_left:50&#8243; sm_spacing=&#8221;margin_left:0&#8243;][tm_spacer size=&#8221;lg:30&#8243;][\/vc_column][\/vc_row][vc_row full_width=&#8221;stretch_row_content&#8221; content_placement=&#8221;middle&#8221; lg_spacing=&#8221;padding_bottom:150&#8243;][vc_column width=&#8221;1\/3&#8243; offset=&#8221;vc_col-md-5&#8243; order=&#8221;xs:1;sm:1&#8243;][tm_image align=&#8221;right&#8221; sm_align=&#8221;center&#8221; image=&#8221;4766&#8243; lg_spacing=&#8221;margin_left:70&#8243; md_spacing=&#8221;margin_left:50&#8243; sm_spacing=&#8221;margin_left:0&#8243;][tm_spacer size=&#8221;lg:30&#8243;][\/vc_column][vc_column width=&#8221;1\/3&#8243; offset=&#8221;vc_col-md-6&#8243;][vc_row_inner sm_content_alignment=&#8221;center&#8221;][vc_column_inner][tm_image image=&#8221;3067&#8243;][tm_spacer size=&#8221;lg:5&#8243;][vc_column_text css=&#8221;&#8221;] Sita subscreve ocompromisso Travel For Life [\/vc_column_text][tm_spacer size=&#8221;lg:25&#8243;][vc_separator color=&#8221;turquoise&#8221; align=&#8221;align_left&#8221; el_width=&#8221;20&#8243; css=&#8221;&#8221;][tm_spacer size=&#8221;lg:30&#8243;][vc_column_text css=&#8221;&#8221;]Com o objetivo de refor\u00e7ar ainda mais o nosso compromisso de garantir um melhor produto de viagem, uma ind\u00fastria tur\u00edstica mais justa e um mundo mais sustent\u00e1vel, a empresa assinou o Travel For Life Pledge, uma iniciativa do Minist\u00e9rio do Turismo. Enquanto empresa de viagens com vis\u00e3o de futuro, os nossos colaboradores, clientes e parceiros esperam que a Sita seja uma empresa de gest\u00e3o de destinos sustent\u00e1vel e respons\u00e1vel. Queremos assumir e suportar essas responsabilidades, dentro do nosso \u00e2mbito de influ\u00eancia e com os meios e recursos dispon\u00edveis. Ao assinar o compromisso, estamos a refor\u00e7ar ainda mais o nosso empenho na sustentabilidade.[\/vc_column_text][tm_spacer size=&#8221;lg:30&#8243;][\/vc_column_inner][\/vc_row_inner][\/vc_column][vc_column width=&#8221;1\/3&#8243; offset=&#8221;vc_col-md-1&#8243;][\/vc_column][\/vc_row][vc_row full_width=&#8221;stretch_row_content&#8221; content_placement=&#8221;middle&#8221; lg_spacing=&#8221;padding_bottom:150&#8243;][vc_column width=&#8221;1\/3&#8243; offset=&#8221;vc_col-md-1&#8243;][\/vc_column][vc_column width=&#8221;1\/3&#8243; offset=&#8221;vc_col-md-6&#8243;][vc_row_inner sm_content_alignment=&#8221;center&#8221;][vc_column_inner][tm_image image=&#8221;3067&#8243;][tm_spacer size=&#8221;lg:5&#8243;][vc_column_text css=&#8221;&#8221;] Sita subscreve ocompromisso Travel For Life [\/vc_column_text][tm_spacer size=&#8221;lg:25&#8243;][vc_separator color=&#8221;turquoise&#8221; align=&#8221;align_left&#8221; el_width=&#8221;20&#8243; css=&#8221;&#8221;][tm_spacer size=&#8221;lg:30&#8243;][vc_column_text css=&#8221;&#8221;]A empresa assinou as Diretrizes do Viajante Respons\u00e1vel criadas pela Sociedade de Turismo Respons\u00e1vel da \u00cdndia e adoptadas pelo Minist\u00e9rio do Turismo, Governo da \u00cdndia. Enquanto signat\u00e1ria das Diretrizes do Viajante Respons\u00e1vel, a empresa ir\u00e1 Opta por prestadores de servi\u00e7os que promovam pr\u00e1ticas de turismo sustent\u00e1vel. Explora viagens para destinos remotos e menos conhecidos. Respeita os costumes, as pr\u00e1ticas e os sentimentos locais. N\u00e3o perturbar ou [&hellip;]<\/p>\n","protected":false},"author":1,"featured_media":0,"parent":0,"menu_order":0,"comment_status":"closed","ping_status":"closed","template":"","meta":{"footnotes":""},"class_list":["post-53493","page","type-page","status-publish","hentry","post-no-thumbnail"],"_links":{"self":[{"href":"https:\/\/www.sita.in\/pt-pt\/wp-json\/wp\/v2\/pages\/53493","targetHints":{"allow":["GET"]}}],"collection":[{"href":"https:\/\/www.sita.in\/pt-pt\/wp-json\/wp\/v2\/pages"}],"about":[{"href":"https:\/\/www.sita.in\/pt-pt\/wp-json\/wp\/v2\/types\/page"}],"author":[{"embeddable":true,"href":"https:\/\/www.sita.in\/pt-pt\/wp-json\/wp\/v2\/users\/1"}],"replies":[{"embeddable":true,"href":"https:\/\/www.sita.in\/pt-pt\/wp-json\/wp\/v2\/comments?post=53493"}],"version-history":[{"count":26,"href":"https:\/\/www.sita.in\/pt-pt\/wp-json\/wp\/v2\/pages\/53493\/revisions"}],"predecessor-version":[{"id":55963,"href":"https:\/\/www.sita.in\/pt-pt\/wp-json\/wp\/v2\/pages\/53493\/revisions\/55963"}],"wp:attachment":[{"href":"https:\/\/www.sita.in\/pt-pt\/wp-json\/wp\/v2\/media?parent=53493"}],"curies":[{"name":"wp","href":"https:\/\/api.w.org\/{rel}","templated":true}]}}